{"id":5244,"date":"2020-11-07T21:53:23","date_gmt":"2020-11-07T21:53:23","guid":{"rendered":"https:\/\/jaumemontserrat.eu\/?page_id=5244"},"modified":"2024-11-18T09:02:11","modified_gmt":"2024-11-18T09:02:11","slug":"bio","status":"publish","type":"page","link":"https:\/\/jaumemontserrat.eu\/gb\/bio\/","title":{"rendered":""},"content":{"rendered":"\n<div class=\"wp-block-group alignwide has-charcoal-color has-text-color\"><div class=\"wp-block-group__inner-container is-layout-flow wp-block-group-is-layout-flow\">\n<div class=\"wp-block-columns is-layout-flex wp-container-core-columns-is-layout-1 wp-block-columns-is-layout-flex\">\n<div class=\"wp-block-column is-vertically-aligned-center is-layout-flow wp-block-column-is-layout-flow\"><div class=\"wp-block-image is-resized is-style-rounded\">\n<figure class=\"aligncenter size-medium\"><img loading=\"lazy\" decoding=\"async\" width=\"300\" height=\"300\" src=\"https:\/\/jaumemontserrat.eu\/wp-content\/uploads\/2020\/11\/11049497_10153378614576460_8612650758596077401_n-300x300.jpg\" alt=\"\" class=\"wp-image-5249\" srcset=\"https:\/\/jaumemontserrat.eu\/wp-content\/uploads\/2020\/11\/11049497_10153378614576460_8612650758596077401_n-300x300.jpg 300w, https:\/\/jaumemontserrat.eu\/wp-content\/uploads\/2020\/11\/11049497_10153378614576460_8612650758596077401_n-150x150.jpg 150w, https:\/\/jaumemontserrat.eu\/wp-content\/uploads\/2020\/11\/11049497_10153378614576460_8612650758596077401_n-768x768.jpg 768w, https:\/\/jaumemontserrat.eu\/wp-content\/uploads\/2020\/11\/11049497_10153378614576460_8612650758596077401_n-320x320.jpg 320w, https:\/\/jaumemontserrat.eu\/wp-content\/uploads\/2020\/11\/11049497_10153378614576460_8612650758596077401_n-640x640.jpg 640w, https:\/\/jaumemontserrat.eu\/wp-content\/uploads\/2020\/11\/11049497_10153378614576460_8612650758596077401_n.jpg 917w\" sizes=\"(max-width: 300px) 85vw, 300px\" \/><\/figure><\/div>\n\n\n<p class=\"has-text-align-center has-charcoal-color has-text-color\" style=\"font-size:15px\">info@jaumemontserrat.eu<br> contactjaume@gmail.com<\/p>\n\n\n\n<ul class=\"wp-block-social-links aligncenter is-style-default is-layout-flex wp-block-social-links-is-layout-flex\"><li class=\"wp-social-link wp-social-link-instagram  wp-block-social-link\"><a href=\"https:\/\/www.instagram.com\/jaumemontserrat\/\" class=\"wp-block-social-link-anchor\"><svg width=\"24\" height=\"24\" viewBox=\"0 0 24 24\" version=\"1.1\" xmlns=\"http:\/\/www.w3.org\/2000\/svg\" aria-hidden=\"true\" focusable=\"false\"><path d=\"M12,4.622c2.403,0,2.688,0.009,3.637,0.052c0.877,0.04,1.354,0.187,1.671,0.31c0.42,0.163,0.72,0.358,1.035,0.673 c0.315,0.315,0.51,0.615,0.673,1.035c0.123,0.317,0.27,0.794,0.31,1.671c0.043,0.949,0.052,1.234,0.052,3.637 s-0.009,2.688-0.052,3.637c-0.04,0.877-0.187,1.354-0.31,1.671c-0.163,0.42-0.358,0.72-0.673,1.035 c-0.315,0.315-0.615,0.51-1.035,0.673c-0.317,0.123-0.794,0.27-1.671,0.31c-0.949,0.043-1.233,0.052-3.637,0.052 s-2.688-0.009-3.637-0.052c-0.877-0.04-1.354-0.187-1.671-0.31c-0.42-0.163-0.72-0.358-1.035-0.673 c-0.315-0.315-0.51-0.615-0.673-1.035c-0.123-0.317-0.27-0.794-0.31-1.671C4.631,14.688,4.622,14.403,4.622,12 s0.009-2.688,0.052-3.637c0.04-0.877,0.187-1.354,0.31-1.671c0.163-0.42,0.358-0.72,0.673-1.035 c0.315-0.315,0.615-0.51,1.035-0.673c0.317-0.123,0.794-0.27,1.671-0.31C9.312,4.631,9.597,4.622,12,4.622 M12,3 C9.556,3,9.249,3.01,8.289,3.054C7.331,3.098,6.677,3.25,6.105,3.472C5.513,3.702,5.011,4.01,4.511,4.511 c-0.5,0.5-0.808,1.002-1.038,1.594C3.25,6.677,3.098,7.331,3.054,8.289C3.01,9.249,3,9.556,3,12c0,2.444,0.01,2.751,0.054,3.711 c0.044,0.958,0.196,1.612,0.418,2.185c0.23,0.592,0.538,1.094,1.038,1.594c0.5,0.5,1.002,0.808,1.594,1.038 c0.572,0.222,1.227,0.375,2.185,0.418C9.249,20.99,9.556,21,12,21s2.751-0.01,3.711-0.054c0.958-0.044,1.612-0.196,2.185-0.418 c0.592-0.23,1.094-0.538,1.594-1.038c0.5-0.5,0.808-1.002,1.038-1.594c0.222-0.572,0.375-1.227,0.418-2.185 C20.99,14.751,21,14.444,21,12s-0.01-2.751-0.054-3.711c-0.044-0.958-0.196-1.612-0.418-2.185c-0.23-0.592-0.538-1.094-1.038-1.594 c-0.5-0.5-1.002-0.808-1.594-1.038c-0.572-0.222-1.227-0.375-2.185-0.418C14.751,3.01,14.444,3,12,3L12,3z M12,7.378 c-2.552,0-4.622,2.069-4.622,4.622S9.448,16.622,12,16.622s4.622-2.069,4.622-4.622S14.552,7.378,12,7.378z M12,15 c-1.657,0-3-1.343-3-3s1.343-3,3-3s3,1.343,3,3S13.657,15,12,15z M16.804,6.116c-0.596,0-1.08,0.484-1.08,1.08 s0.484,1.08,1.08,1.08c0.596,0,1.08-0.484,1.08-1.08S17.401,6.116,16.804,6.116z\"><\/path><\/svg><span class=\"wp-block-social-link-label screen-reader-text\">Instagram<\/span><\/a><\/li>\n\n<li class=\"wp-social-link wp-social-link-facebook  wp-block-social-link\"><a href=\"https:\/\/www.facebook.com\/jaumamc\" class=\"wp-block-social-link-anchor\"><svg width=\"24\" height=\"24\" viewBox=\"0 0 24 24\" version=\"1.1\" xmlns=\"http:\/\/www.w3.org\/2000\/svg\" aria-hidden=\"true\" focusable=\"false\"><path d=\"M12 2C6.5 2 2 6.5 2 12c0 5 3.7 9.1 8.4 9.9v-7H7.9V12h2.5V9.8c0-2.5 1.5-3.9 3.8-3.9 1.1 0 2.2.2 2.2.2v2.5h-1.3c-1.2 0-1.6.8-1.6 1.6V12h2.8l-.4 2.9h-2.3v7C18.3 21.1 22 17 22 12c0-5.5-4.5-10-10-10z\"><\/path><\/svg><span class=\"wp-block-social-link-label screen-reader-text\">Facebook<\/span><\/a><\/li>\n\n<li class=\"wp-social-link wp-social-link-behance  wp-block-social-link\"><a href=\"https:\/\/www.behance.net\/jaumamc\" class=\"wp-block-social-link-anchor\"><svg width=\"24\" height=\"24\" viewBox=\"0 0 24 24\" version=\"1.1\" xmlns=\"http:\/\/www.w3.org\/2000\/svg\" aria-hidden=\"true\" focusable=\"false\"><path d=\"M7.799,5.698c0.589,0,1.12,0.051,1.606,0.156c0.482,0.102,0.894,0.273,1.241,0.507c0.344,0.235,0.612,0.546,0.804,0.938 c0.188,0.387,0.281,0.871,0.281,1.443c0,0.619-0.141,1.137-0.421,1.551c-0.284,0.413-0.7,0.751-1.255,1.014 c0.756,0.218,1.317,0.601,1.689,1.146c0.374,0.549,0.557,1.205,0.557,1.975c0,0.623-0.12,1.161-0.359,1.612 c-0.241,0.457-0.569,0.828-0.973,1.114c-0.408,0.288-0.876,0.5-1.399,0.637C9.052,17.931,8.514,18,7.963,18H2V5.698H7.799 M7.449,10.668c0.481,0,0.878-0.114,1.192-0.345c0.311-0.228,0.463-0.603,0.463-1.119c0-0.286-0.051-0.523-0.152-0.707 C8.848,8.315,8.711,8.171,8.536,8.07C8.362,7.966,8.166,7.894,7.94,7.854c-0.224-0.044-0.457-0.06-0.697-0.06H4.709v2.874H7.449z M7.6,15.905c0.267,0,0.521-0.024,0.759-0.077c0.243-0.053,0.457-0.137,0.637-0.261c0.182-0.12,0.332-0.283,0.441-0.491 C9.547,14.87,9.6,14.602,9.6,14.278c0-0.633-0.18-1.084-0.533-1.357c-0.356-0.27-0.83-0.404-1.413-0.404H4.709v3.388L7.6,15.905z M16.162,15.864c0.367,0.358,0.897,0.538,1.583,0.538c0.493,0,0.92-0.125,1.277-0.374c0.354-0.248,0.571-0.514,0.654-0.79h2.155 c-0.347,1.072-0.872,1.838-1.589,2.299C19.534,18,18.67,18.23,17.662,18.23c-0.701,0-1.332-0.113-1.899-0.337 c-0.567-0.227-1.041-0.544-1.439-0.958c-0.389-0.415-0.689-0.907-0.904-1.484c-0.213-0.574-0.32-1.21-0.32-1.899 c0-0.666,0.11-1.288,0.329-1.863c0.222-0.577,0.529-1.075,0.933-1.492c0.406-0.42,0.885-0.751,1.444-0.994 c0.558-0.241,1.175-0.363,1.857-0.363c0.754,0,1.414,0.145,1.98,0.44c0.563,0.291,1.026,0.686,1.389,1.181 c0.363,0.493,0.622,1.057,0.783,1.69c0.16,0.632,0.217,1.292,0.171,1.983h-6.428C15.557,14.84,15.795,15.506,16.162,15.864 M18.973,11.184c-0.291-0.321-0.783-0.496-1.384-0.496c-0.39,0-0.714,0.066-0.973,0.2c-0.254,0.132-0.461,0.297-0.621,0.491 c-0.157,0.197-0.265,0.405-0.328,0.628c-0.063,0.217-0.101,0.413-0.111,0.587h3.98C19.478,11.969,19.265,11.509,18.973,11.184z M15.057,7.738h4.985V6.524h-4.985L15.057,7.738z\"><\/path><\/svg><span class=\"wp-block-social-link-label screen-reader-text\">Behance<\/span><\/a><\/li>\n\n\n\n<li class=\"wp-social-link wp-social-link-linkedin  wp-block-social-link\"><a href=\"https:\/\/www.linkedin.com\/in\/jaumemontserrat\/\" class=\"wp-block-social-link-anchor\"><svg width=\"24\" height=\"24\" viewBox=\"0 0 24 24\" version=\"1.1\" xmlns=\"http:\/\/www.w3.org\/2000\/svg\" aria-hidden=\"true\" focusable=\"false\"><path d=\"M19.7,3H4.3C3.582,3,3,3.582,3,4.3v15.4C3,20.418,3.582,21,4.3,21h15.4c0.718,0,1.3-0.582,1.3-1.3V4.3 C21,3.582,20.418,3,19.7,3z M8.339,18.338H5.667v-8.59h2.672V18.338z M7.004,8.574c-0.857,0-1.549-0.694-1.549-1.548 c0-0.855,0.691-1.548,1.549-1.548c0.854,0,1.547,0.694,1.547,1.548C8.551,7.881,7.858,8.574,7.004,8.574z M18.339,18.338h-2.669 v-4.177c0-0.996-0.017-2.278-1.387-2.278c-1.389,0-1.601,1.086-1.601,2.206v4.249h-2.667v-8.59h2.559v1.174h0.037 c0.356-0.675,1.227-1.387,2.526-1.387c2.703,0,3.203,1.779,3.203,4.092V18.338z\"><\/path><\/svg><span class=\"wp-block-social-link-label screen-reader-text\">LinkedIn<\/span><\/a><\/li>\n\n\n\n<\/ul>\n\n\n\n<p><\/p>\n<\/div>\n\n\n\n<div class=\"wp-block-column is-layout-flow wp-block-column-is-layout-flow\">\n<p class=\"has-normal-font-size\"><br><strong>Jaume Montserrat<\/strong><br><em>Barcelona<\/em><\/p>\n\n\n\n<p style=\"font-size:14px\"><strong>Artistic education<\/strong><br><br>\u00b7 Higher Technician Certificate in Illustration, Escola Llotja<br>\u00b7 Higher Technician Certificate in mural painting, Escola Massana<br>\u00b7 Exchange Scholarship at Fine Art University of<em> Pilsen, Czech Republic<\/em><br>\u00b7 Exchange Scholarship at the Minerva Academy in Groningen, the Netherlands<br>\u00b7 Artistic residency at Reial Cercle Art\u00edstic de Barcelona<br><br><strong>Social education<\/strong><br><br>Leisure director \u00b7 Leisure educator<br>Emotional intelligence \u00b7 Emotional education<br>Prevention of racism, xenophobia and homophobia in school<br>Inclusive education: ADHD \u00b7 Inclusive education: Autism<br>Conflict resolution \u00b7 First aid<br>Art Therapy \u00b7 Introduction to Music Therapy<\/p>\n<\/div>\n<\/div>\n<\/div><\/div>\n\n\n\n<div class=\"wp-block-columns is-layout-flex wp-container-core-columns-is-layout-2 wp-block-columns-is-layout-flex\">\n<div class=\"wp-block-column is-layout-flow wp-block-column-is-layout-flow\">\n<p class=\"has-medium-font-size\"><strong>SOLO EXHIBITIONS<\/strong><\/p>\n\n\n\n<p class=\"has-small-font-size\"><strong>2024<\/strong><br><strong>\u00b7 Racons &#8211; <\/strong><em>Centre C\u00edvic El Coll, Barcelona<\/em><br><strong>\u00b7 Sobretaula &#8211;<\/strong><em> Llibreria Obaga, Barcelona<\/em><\/p>\n\n\n\n<p class=\"has-small-font-size\">2<strong>021<\/strong><br><strong>\u00b7 Retrospectiva &#8211; <\/strong><em>Sucs BCN, Barcelona<\/em><br><strong><br>2020<\/strong><br><strong>\u00b7 Retrospectiva &#8211;&nbsp;<\/strong><em>El taller d\u2019en jaume, Barcelona<\/em><br><strong><br>2017<\/strong><br><strong>\u00b7 Retrospectiva&nbsp;<\/strong><em>&#8211; La Cerverina d\u2019Art, La Cervera \u2013 Lleida<\/em><br><br><strong>2016<\/strong><br><strong>\u00b7 Continuar<\/strong> &#8211; <em>Sala Naive<\/em>, Barcelona<br><br><strong>2015<br>\u00b7 Buscando el Ikigai <\/strong>&#8211;&nbsp;<em>Rizoma, Barcelona<\/em><br><strong>\u00b7 Punts Suspensius&nbsp;<\/strong>&#8211;&nbsp;<em>Centre C\u00edvic Guinard\u00f3, Barcelona<\/em><br><br><strong>2014<br>\u00b7 Emptyland&nbsp;<\/strong>&#8211;&nbsp;<em>Centre C\u00edvic Guinard\u00f3. Barcelona<\/em><br><strong>\u00b7 M\u00e9s&nbsp;<\/strong>&#8211;&nbsp;<em>Espai creatiu Tarambana, Cardedeu<\/em><br><br><strong>2013<br>\u00b7 Emptyland&nbsp;<\/strong>&#8211;&nbsp;<em>Casal Vallromanes, Vallromanes.<\/em><br><strong>\u00b7 Emptyland&nbsp;<\/strong>&#8211;&nbsp;<em>Collage Room, Barcelona<\/em><br><strong>\u00b7 Emptyland&nbsp;<\/strong>&#8211; <em>Escalera de Incendios Gallery, Barcelona<\/em><br><strong>\u00b7 <\/strong>j<strong>aumamc&nbsp;<\/strong>&#8211;&nbsp;<em>La Bretona,. Pallej\u00e0<\/em><br><strong>\u00b7 AUTOSTOP&nbsp;<\/strong>&#8211;&nbsp;<em>Niu Espai Art\u00edstic, Barcelona<\/em><br><br><strong>2012<br>\u00b7 AUTOSTOP&nbsp;<\/strong><em>&#8211; Centre C\u00edvic Guinard\u00f3, Barcelona<\/em><br><strong>\u00b7 <\/strong>j<strong>auma mc&nbsp;<\/strong>&#8211;&nbsp;<em>Encoparte 68, Barcelona<\/em><br><strong>\u00b7 jaumamc&nbsp;<\/strong>&#8211;&nbsp;<em>TurQuesh, Barcelona<\/em><br><strong>\u00b7<\/strong> j<strong>aumamc&nbsp;<\/strong>&#8211;&nbsp;<em>Demod\u00e9, Barcelona<\/em><br><strong>\u00b7<\/strong> j<strong>aumamc&nbsp;<\/strong>&#8211;&nbsp;<em>Associaci\u00f3 Cultural ReCreo, Barcelona<\/em><br><strong>\u00b7 Dibuj\u00e1ndome&nbsp;<\/strong>&#8211;&nbsp;<em>Exposici\u00f3 privada en Fundaci\u00f3 Joan Mir\u00f3, Barcelona<\/em><br><br><strong>2011- 2009<br>\u00b7 Amor, mort i llibertat&nbsp;<\/strong><em>&#8211; Roxanne, Barcelona<\/em><br><strong>\u00b7 Dibujo y pintura<\/strong><em> &#8211; Soul Room, Barcelona<\/em><br><strong>\u00b7 Dibuix i pintura&nbsp;<\/strong>&#8211;&nbsp;<em>La Pla\u00e7a, Mollet del Vall\u00e8s. Barcelona<\/em><br><strong>\u00b7 Dibuix i pintura&nbsp;<\/strong>&#8211; <em>La Cotxera, Barcelona<\/em><br><\/p>\n<\/div>\n\n\n\n<div class=\"wp-block-column is-layout-flow wp-block-column-is-layout-flow\">\n<p class=\"has-medium-font-size\"><strong>GROUP EXHIBITION &amp; ART FESTS<\/strong><\/p>\n\n\n\n<div class=\"wp-block-group\"><div class=\"wp-block-group__inner-container is-layout-flow wp-block-group-is-layout-flow\">\n<p class=\"has-small-font-size\"><strong>2024<\/strong><br>\u00b7 <strong>Pinta Malasa\u00f1a <\/strong>\u2013 <em>Madrid<\/em><br>\u00b7 <strong>Unmute Gaza <\/strong>\u2013 <em>BMurals, Barcelona<\/em><\/p>\n\n\n\n<p class=\"has-small-font-size\"><strong>2023<\/strong><br>\u00b7&nbsp;<strong>Ql\u00b7lectiva XXVI&nbsp;<\/strong>\u2013&nbsp;<em>El Corralito, Terrassa<\/em><br>\u00b7&nbsp;<strong>Mural Jam X<\/strong>&nbsp;\u2013&nbsp;<em>Masnou<\/em><br>\u00b7&nbsp;<strong>Festival Stripart&nbsp;<\/strong>\u2013&nbsp;<em>Centre C\u00edvic Guinard\u00f3, Barcelona<\/em><br>\u00b7<strong>&nbsp;Pinta Malasa\u00f1a&nbsp;<\/strong>\u2013 Madrid<\/p>\n\n\n\n<p class=\"has-small-font-size\"><strong>2022<br>\u00b7 Mural Jam Sesion <\/strong><em>&#8211; Barcelona<\/em><strong><br>\u00b7 L\u2019(h)Artmonia<\/strong> &#8211; <em>Fabra i Coats, Barcelona<\/em><strong><br>\u00b7 Street In The Cans <\/strong>&#8211; <em>Galerie Sakura, Par\u00eds<\/em><strong><br>\u00b7 Acoustic Vell \u2013&nbsp;<\/strong><em>Girona<br><\/em><strong>\u00b7 Trobada Transfornterera de dibuix de Muntanya \u2013&nbsp;<\/strong><em>Girona<\/em><\/p>\n\n\n\n<p class=\"has-small-font-size\"><strong>2021<br>\u00b7 Realism Mural Jam Sesion<em> <\/em><\/strong><em>&#8211; Barcelona<\/em><strong><br>\u00b7 Sneakers Generation <\/strong>&#8211; <em>Galerie Sakura, Par\u00eds<\/em><br><strong>\u00b7 Pandemic Art 1.0 &#8211;<\/strong> <em>Articulate, Virtual exhibition<br><\/em><strong>\u00b7 Acoustic Vell &#8211; <\/strong><em>Girona<br><\/em><strong>\u00b7 L\u2019(h)Artmonia <\/strong>&#8211; <em>Fabra i Coats, Barcelona<br><\/em><strong>\u00b7 Festival Stripart XXV&nbsp;<\/strong>&#8211;&nbsp;<em>Centre C\u00edvic Guinard\u00f3. Barcelona<\/em><br><br><strong>2020<br>\u00b7 B-Market &#8211;<\/strong> <em>B-Murals, Nau Bostik, Barcelona<\/em><br><strong>\u00b7 B-LOCAL &#8211;<\/strong> <em>B-Murals, Nau Bostik, Barcelona<\/em><br><br><strong>2019<br>\u00b7 Festiuet <\/strong>&#8211; <em>El Vendrell, Tarragona<\/em><strong><br>\u00b7 Calendari solidari &#8211;&nbsp;<\/strong><em>Espai Gr\u00e0fic, Barcelona<\/em><br><strong>\u00b7 P\u00edntame el pussie &#8211; <\/strong><em>El taller d\u2019en jaume, Barcelona<\/em><br><strong>\u00b7 Acoustic Vell &#8211; <\/strong><em>Girona<br><\/em><strong>\u00b7 NO BORDERS &#8211; <\/strong><em>Miscelanea, Barcelona<\/em><br><br><strong>2018<br>\u00b7 La Mort Digna <em>&#8211;<\/em>&nbsp;<\/strong><em>Centre C\u00edvic Urgell, Barcelona<\/em><strong><br>\u00b7 Festiuet <\/strong>&#8211; <em>Valls, Tarragona<\/em><br><strong>\u00b7 18&#215;7 &#8211;<\/strong> <em>Cad\u00e0ver Exquisit, Barcelona<\/em><strong><em><br><\/em><strong>\u00b7 La Mort Digna <\/strong>&#8211;&nbsp;<\/strong><em>Centre C\u00edvic Sant Narc\u00eds, Girona<\/em><br><strong>\u00b7 La Mort Digna &#8211;&nbsp;<\/strong><em>Niu, Barcelona<\/em><br><strong>\u00b7 Dress your wall &#8211; <\/strong><em>Miscelanea, Barcelona<\/em><br><br><strong>2017<br>\u00b7 Poes\u00eda a la Pla\u00e7a 6&nbsp;<\/strong>\u2013&nbsp;<em>Sant Andreu, Barcelona<\/em><br><strong>\u00b7 ESSA EFA&nbsp;<\/strong><em>La Cerverina d\u2019Art, La Cervera \u2013 Lleida<\/em><br><strong>\u00b7 Novam Artem \u2013&nbsp;<\/strong><em>Aarhus, Dinamarca<\/em><br><strong>\u00b7 Festival Acoustic Vell \u2013&nbsp;<\/strong><em>Girona<\/em><br><strong>\u00b7 Festival Stripart XXII&nbsp;<\/strong>\u2013&nbsp;<em>Centre C\u00edvic Guinard\u00f3. Barcelona<\/em><br><strong>\u00b7 17\u00e9 Llibre Gegant \u2013&nbsp;<\/strong>Sant Cugat<br><strong>\u00b7 Projecte Itaka \u2013<\/strong>&nbsp;Barcelona<br><strong>\u00b7 Dress your wall \u2013&nbsp;<\/strong><em>Miscelanea, Barcelona<\/em><br><br><strong>2016<br>\u00b7 Who is Miscatbantry&nbsp;<\/strong>\u2013&nbsp;<em>Miscelanea, Barcelona<\/em><br><strong>\u00b7 Meeting Point Gallery \u2013&nbsp;<\/strong>Barcelona<br><strong>\u00b7 Last Minute&nbsp;<\/strong>\u2013&nbsp;<em>The Juice House, Barcelona<\/em><br><strong>\u00b7 La Femme&nbsp;<\/strong>\u2013&nbsp;<em>Bacanal. Barcelona<\/em><br><strong>\u00b7 Festival Stripart XXI&nbsp;<\/strong>\u2013&nbsp;<em>Centre C\u00edvic Guinard\u00f3. Barcelona<\/em><br><strong>\u00b7 Festival Acoustic Vell \u2013&nbsp;<\/strong><em>Girona<\/em><br><br><strong>2015<br>\u00b7 El Que hem Vist<\/strong> &#8211; <em>LaFutura. Barcelona<\/em><br><strong>\u00b7 \u00daS Festival&nbsp;<\/strong>&#8211;&nbsp;<em>Barcelona<\/em><br><strong>\u00b7 Festival Stripart XX&nbsp;<\/strong>&#8211;&nbsp;<em>Centre C\u00edvic Guinard\u00f3. Barcelona<\/em><br><strong>\u00b7 Festival Acoustic Vell &#8211;&nbsp;<\/strong><em>Girona<\/em><br><strong>\u00b7 La Femme&nbsp;<\/strong>&#8211;&nbsp;<em>Bacanal, Barcelona<\/em><br><br><strong>2014<br>\u00b7 Retrats Sense Sostre &#8211;&nbsp;<\/strong><em>Filmoteca de Barcelona<\/em><br><strong>\u00b7 Festival Stripart XIX&nbsp;<\/strong>&#8211;&nbsp;<em>Centre C\u00edvic Guinard\u00f3, Bacelona<\/em><br><strong>\u00b7 5&nbsp;<\/strong>&#8211;&nbsp;<em>Centre C\u00edvic Nou Barris. Barcelona<\/em><br><strong>\u00b7 A quatre mans &#8211;&nbsp;<\/strong><em>Uiku Coworking, Barcelona<\/em><br><strong>\u00b7 Festival Fantastik Granollers&nbsp;<\/strong><em><strong>&#8211;&nbsp;<\/strong>Granollers<br><strong>\u00b7 4<\/strong><\/em> &#8211; <em>Choko, Barcelona<\/em><br><strong>\u00b7 9o Festival Asalto&nbsp;&#8211;<\/strong>&nbsp;<em>Zaragoza<\/em><br><strong>\u00b7 Barcelona Drawing City 2&nbsp;<\/strong>&#8211;&nbsp;<em>Sala Transforma, Barcelona<\/em><br><strong>\u00b7 El Que hem vist&nbsp;<\/strong>&#8211; <em>Sala Lafutura, Barcelona<\/em><br><strong>\u00b7 Barcelona &#8211;&nbsp;<\/strong><em>Sala Mitte, Barcelona<\/em><br><strong>\u00b7 God save the pork&nbsp;<\/strong>&#8211; <em>Centre Art Mutuo, Barcelona<\/em><br><strong>\u00b7 A quatre mans<\/strong> &#8211;&nbsp;<em>Cad\u00e0ver Exquisit, Barcelon<\/em><strong>a<\/strong><br><br><strong>2013<br>\u00b7 Lau Fest&nbsp;<\/strong>&#8211;&nbsp;<em>Centre Art Mutuo, Barcelona<\/em><br><strong>\u00b7 Dress your wall &#8211;&nbsp;<\/strong><em>Sala Miscelanea, Barcelona<\/em><br><strong>\u00b7 Cut it Yourself &#8211;&nbsp;<\/strong><em>Cad\u00e0ver Exquisit, Barcelona<\/em><br><strong>\u00b7 Emoci\u00f3nate&nbsp;<\/strong>\u2013<em>Centre C\u00edvic Parc-Sandaru, Barcelona<\/em><br><strong>\u00b7 Open Air Festival II&nbsp;<\/strong>&#8211;&nbsp;<em>Castell de Montju\u00efc, Barcelona<\/em><br><strong>\u00b7 Print Wave II&nbsp;<\/strong>&#8211; Centre Art Mutuo. Barcelona<br><strong>\u00b7 Print Wave&nbsp;<\/strong>&#8211;&nbsp;<em>Cad\u00e0ver Exquisit, Barcelona<\/em><br><strong>\u00b7 Festival Fantastik Granollers&nbsp;<\/strong><em><strong>&#8211;&nbsp;<\/strong>Granollers<\/em><br><strong>\u00b7 Festival Stripart XVIII&nbsp;<\/strong>\u2013&nbsp;<em>Centre C\u00edvic Guinard\u00f3, Barcelona<\/em><br><strong>\u00b7 Gato x liebre&nbsp;<\/strong>&#8211; <em>Cad\u00e0ver Exquisit, Barcelona<\/em><br><strong>\u00b7 Cad\u00e0ver Exquisit Redbull&nbsp;<\/strong>&#8211;&nbsp;<em>Fabra i Cotas. Barcelona<\/em><br><br><strong>2012 \u2013 2009<br>\u00b7 Festival Dom\u00e8stica &#8211;&nbsp;<\/strong><em>Girona<\/em><br><strong>\u00b7 Festival Stripart XVII&nbsp;<\/strong>&#8211;&nbsp;<em>Centre C\u00edvic Guinard\u00f3<\/em>, Barcelona<br><strong>\u00b7 Arte Ef\u00edmero&nbsp;<\/strong>&#8211;&nbsp;<em>Impaktes Visuals, Sabadell<\/em><br><strong>\u00b7 Barcelona &#8211;&nbsp;<\/strong><em>Barcelona<\/em><br><strong>\u00b7 Hagelslag &#8211;&nbsp;<\/strong><em>Academy Minerva, Groningen \u2013 Holanda<\/em><\/p>\n<\/div><\/div>\n<\/div>\n<\/div>\n","protected":false},"excerpt":{"rendered":"<p>info@jaumemontserrat.eu contactjaume@gmail.com Jaume MontserratBarcelona Artistic education \u00b7 Higher Technician Certificate in Illustration, Escola Llotja\u00b7 Higher Technician Certificate in mural painting, Escola Massana\u00b7 Exchange Scholarship at Fine Art University of Pilsen, Czech Republic\u00b7 Exchange Scholarship at the Minerva Academy in Groningen, the Netherlands\u00b7 Artistic residency at Reial Cercle Art\u00edstic de Barcelona Social education Leisure director \u00b7 &hellip; <a href=\"https:\/\/jaumemontserrat.eu\/gb\/bio\/\" class=\"more-link\">Continue reading<span class=\"screen-reader-text\"> &#8220;&#8221;<\/span><\/a><\/p>\n","protected":false},"author":1,"featured_media":0,"parent":0,"menu_order":0,"comment_status":"closed","ping_status":"closed","template":"","meta":{"_vp_format_video_url":"","_vp_image_focal_point":[],"footnotes":""},"class_list":["post-5244","page","type-page","status-publish","hentry"],"translation":{"provider":"WPGlobus","version":"2.12.2","language":"gb","enabled_languages":["ct","es","gb"],"languages":{"ct":{"title":false,"content":true,"excerpt":false},"es":{"title":false,"content":true,"excerpt":false},"gb":{"title":false,"content":true,"excerpt":false}}},"_links":{"self":[{"href":"https:\/\/jaumemontserrat.eu\/gb\/wp-json\/wp\/v2\/pages\/5244"}],"collection":[{"href":"https:\/\/jaumemontserrat.eu\/gb\/wp-json\/wp\/v2\/pages"}],"about":[{"href":"https:\/\/jaumemontserrat.eu\/gb\/wp-json\/wp\/v2\/types\/page"}],"author":[{"embeddable":true,"href":"https:\/\/jaumemontserrat.eu\/gb\/wp-json\/wp\/v2\/users\/1"}],"replies":[{"embeddable":true,"href":"https:\/\/jaumemontserrat.eu\/gb\/wp-json\/wp\/v2\/comments?post=5244"}],"version-history":[{"count":116,"href":"https:\/\/jaumemontserrat.eu\/gb\/wp-json\/wp\/v2\/pages\/5244\/revisions"}],"predecessor-version":[{"id":6511,"href":"https:\/\/jaumemontserrat.eu\/gb\/wp-json\/wp\/v2\/pages\/5244\/revisions\/6511"}],"wp:attachment":[{"href":"https:\/\/jaumemontserrat.eu\/gb\/wp-json\/wp\/v2\/media?parent=5244"}],"curies":[{"name":"wp","href":"https:\/\/api.w.org\/{rel}","templated":true}]}}